{"version":"1.0","provider_name":"\u30ab\u30ca\u30c0\u516c\u7acb\u5b66\u6821\u5354\u4f1a\u30a4\u30f3\u30bf\u30fc\u30ca\u30b7\u30e7\u30ca\u30eb\uff5cCAPS-I","provider_url":"https:\/\/caps-i.ca\/ja","author_name":"hemadmin","author_url":"https:\/\/caps-i.ca\/ja\/author\/hemadmin\/","title":"Ein Gru\u00dfwort des Pr\u00e4sidenten | CAPS-I","type":"rich","width":600,"height":338,"html":"<blockquote class=\"wp-embedded-content\" data-secret=\"I56UQsOBi3\"><a href=\"https:\/\/caps-i.ca\/ja\/ueber-caps-i\/mitteilung-des-vorsitzenden\/\">Ein Gru\u00dfwort des Pr\u00e4sidenten<\/a><\/blockquote><iframe sandbox=\"allow-scripts\" security=\"restricted\" src=\"https:\/\/caps-i.ca\/ja\/ueber-caps-i\/mitteilung-des-vorsitzenden\/embed\/#?secret=I56UQsOBi3\" width=\"600\" height=\"338\" title=\"&#8220;Ein Gru\u00dfwort des Pr\u00e4sidenten&#8221; &#8212; Canadian Association of Public Schools - International | CAPS-I\" data-secret=\"I56UQsOBi3\" frameborder=\"0\" marginwidth=\"0\" marginheight=\"0\" scrolling=\"no\" class=\"wp-embedded-content\"><\/iframe><script type=\"text\/javascript\">\n\/* <![CDATA[ *\/\n\/*! This file is auto-generated *\/\n!function(d,l){\"use strict\";l.querySelector&&d.addEventListener&&\"undefined\"!=typeof URL&&(d.wp=d.wp||{},d.wp.receiveEmbedMessage||(d.wp.receiveEmbedMessage=function(e){var t=e.data;if((t||t.secret||t.message||t.value)&&!\/[^a-zA-Z0-9]\/.test(t.secret)){for(var s,r,n,a=l.querySelectorAll('iframe[data-secret=\"'+t.secret+'\"]'),o=l.querySelectorAll('blockquote[data-secret=\"'+t.secret+'\"]'),c=new RegExp(\"^https?:$\",\"i\"),i=0;i<o.length;i++)o[i].style.display=\"none\";for(i=0;i<a.length;i++)s=a[i],e.source===s.contentWindow&&(s.removeAttribute(\"style\"),\"height\"===t.message?(1e3<(r=parseInt(t.value,10))?r=1e3:~~r<200&&(r=200),s.height=r):\"link\"===t.message&&(r=new URL(s.getAttribute(\"src\")),n=new URL(t.value),c.test(n.protocol))&&n.host===r.host&&l.activeElement===s&&(d.top.location.href=t.value))}},d.addEventListener(\"message\",d.wp.receiveEmbedMessage,!1),l.addEventListener(\"DOMContentLoaded\",function(){for(var e,t,s=l.querySelectorAll(\"iframe.wp-embedded-content\"),r=0;r<s.length;r++)(t=(e=s[r]).getAttribute(\"data-secret\"))||(t=Math.random().toString(36).substring(2,12),e.src+=\"#?secret=\"+t,e.setAttribute(\"data-secret\",t)),e.contentWindow.postMessage({message:\"ready\",secret:t},\"*\")},!1)))}(window,document);\n\/* ]]> *\/\n<\/script>","description":"In den letzten zehn Jahren hat sich CAPS-I zur f\u00fchrenden Stimme f\u00fcr das Wachstum der internationalen Bildung in Kanada f\u00fcr alle \u00f6ffentlichen Schulen vom Kindergarten bis zur 12. Klasse entwickelt. Als Pr\u00e4sident von CAPS-I arbeite ich mit unserem F\u00fchrungsgremium, dem Gesch\u00e4ftsf\u00fchrer und unseren Mitarbeitern zusammen, um weiterhin die Vision internationaler Bildung vom Kindergarten bis zur 12. Klasse des \u00f6ffentlichen Schulniveaus in Kanada weiterzuentwickeln und zu verfeinern. Anl\u00e4sslich unseres 10-j\u00e4hrigen Bestehens haben CAPS-I-Mitglieder die Gelegenheit, \u00fcber unsere gemeinsamen Errungenschaften zu reflektieren. Diese umfassen: Einen deutlichen Anstieg bei der Anzahl der Schulbezirke und -beh\u00f6rden, die internationale Bildungsprogramme anbieten. Eine deutliche Zunahme internationaler Sch\u00fclerinnen und Sch\u00fcler, die in Kanada vom Kindergarten bis zur... View Article"}